{"id":300,"date":"2012-06-27T10:56:54","date_gmt":"2012-06-27T08:56:54","guid":{"rendered":"http:\/\/papageienschutz.net\/bestand\/?page_id=300"},"modified":"2020-07-26T01:34:48","modified_gmt":"2020-07-25T23:34:48","slug":"fidelio","status":"publish","type":"page","link":"https:\/\/papageienschutz.de\/papageien\/amerikanische-papageien\/gelbwangenamzonen\/fidelio\/","title":{"rendered":"Fidelio"},"content":{"rendered":"\n<div class=\"wp-block-image\"><figure class=\"aligncenter\"><img loading=\"lazy\" decoding=\"async\" width=\"1024\" height=\"683\" src=\"https:\/\/papageienschutz.de\/papageien\/wp-content\/uploads\/2019\/06\/IMG_8892-1024x683.jpg\" alt=\"\" class=\"wp-image-7660\"\/><\/figure><\/div>\n\n\n\n<hr class=\"wp-block-separator\"\/>\n\n\n\n<p><strong>Aufnahmedatum:<\/strong> 29.07.2004<br>\n<strong>Herkunft:<\/strong> unbekannt<br>\n<strong>Geschlecht:<\/strong> m\u00e4nnlich<br>\n<strong>Geburtsjahr:<\/strong> unbekannt<\/p>\n\n\n\n<hr class=\"wp-block-separator\"\/>\n\n\n\n<p><strong>Grund der Aufnahme:<\/strong><br>\nFidelio, den Tiersch\u00fctzer etwa 1975 aus einem Zoogesch\u00e4ft frei gekauft hatten, wurde im Juli 2004 aus einer privaten Tierschutz-Papageiengruppenhaltung, die aufgel\u00f6st werden musste, (gemeinsam mit anderen Gelbwangenamazonen) in das Fluggehege \u00fcbernommen. Fidelio ist m\u00e4nnlichen Geschlechts. Die tiermedizinische Eingangsuntersuchung ergab, dass Fidelios Schwungfedern durch fehlerhaftes Sutzten dauerhaft gesch\u00e4digt worden sind, so dass er nur eingeschr\u00e4nkt flugf\u00e4hig ist.<\/p>\n","protected":false},"excerpt":{"rendered":"<div class=\"mh-excerpt\"><p>Aufnahmedatum: 29.07.2004 Herkunft: unbekannt Geschlecht: m\u00e4nnlich Geburtsjahr: unbekannt Grund der Aufnahme: Fidelio, den Tiersch\u00fctzer etwa 1975 aus einem Zoogesch\u00e4ft frei gekauft hatten, wurde im Juli 2004 aus einer privaten Tierschutz-Papageiengruppenhaltung, die aufgel\u00f6st werden musste, (gemeinsam <a class=\"mh-excerpt-more\" href=\"https:\/\/papageienschutz.de\/papageien\/amerikanische-papageien\/gelbwangenamzonen\/fidelio\/\" title=\"Fidelio\">[&#8230;]<\/a><\/p>\n<\/div>","protected":false},"author":1,"featured_media":0,"parent":34,"menu_order":0,"comment_status":"closed","ping_status":"closed","template":"","meta":{"footnotes":""},"class_list":["post-300","page","type-page","status-publish"],"_links":{"self":[{"href":"https:\/\/papageienschutz.de\/papageien\/wp-json\/wp\/v2\/pages\/300","targetHints":{"allow":["GET"]}}],"collection":[{"href":"https:\/\/papageienschutz.de\/papageien\/wp-json\/wp\/v2\/pages"}],"about":[{"href":"https:\/\/papageienschutz.de\/papageien\/wp-json\/wp\/v2\/types\/page"}],"author":[{"embeddable":true,"href":"https:\/\/papageienschutz.de\/papageien\/wp-json\/wp\/v2\/users\/1"}],"replies":[{"embeddable":true,"href":"https:\/\/papageienschutz.de\/papageien\/wp-json\/wp\/v2\/comments?post=300"}],"version-history":[{"count":3,"href":"https:\/\/papageienschutz.de\/papageien\/wp-json\/wp\/v2\/pages\/300\/revisions"}],"predecessor-version":[{"id":8292,"href":"https:\/\/papageienschutz.de\/papageien\/wp-json\/wp\/v2\/pages\/300\/revisions\/8292"}],"up":[{"embeddable":true,"href":"https:\/\/papageienschutz.de\/papageien\/wp-json\/wp\/v2\/pages\/34"}],"wp:attachment":[{"href":"https:\/\/papageienschutz.de\/papageien\/wp-json\/wp\/v2\/media?parent=300"}],"curies":[{"name":"wp","href":"https:\/\/api.w.org\/{rel}","templated":true}]}}